{"id":9636,"date":"2023-07-06T15:42:23","date_gmt":"2023-07-06T13:42:23","guid":{"rendered":"https:\/\/www.ennsfellnerconsulting.eu\/neu\/?page_id=9636"},"modified":"2023-10-02T09:03:00","modified_gmt":"2023-10-02T07:03:00","slug":"partner","status":"publish","type":"page","link":"https:\/\/www.ennsfellnerconsulting.eu\/en\/persoenlich\/partner\/","title":{"rendered":"Partner"},"content":{"rendered":"<section class=\"wpb-content-wrapper\"><p>[vc_row disable_element=&#8221;yes&#8221; css=&#8221;.vc_custom_1689063351834{margin-bottom: 50px !important;}&#8221; woodmart_css_id=&#8221;64ad0fb149584&#8243; responsive_spacing=&#8221;eyJwYXJhbV90eXBlIjoid29vZG1hcnRfcmVzcG9uc2l2ZV9zcGFjaW5nIiwic2VsZWN0b3JfaWQiOiI2NGFkMGZiMTQ5NTg0Iiwic2hvcnRjb2RlIjoidmNfcm93IiwiZGF0YSI6eyJ0YWJsZXQiOnsibWFyZ2luLWJvdHRvbSI6IjQwcHgifSwibW9iaWxlIjp7Im1hcmdpbi1ib3R0b20iOiIyMHB4In19fQ==&#8221; mobile_bg_img_hidden=&#8221;no&#8221; tablet_bg_img_hidden=&#8221;no&#8221; woodmart_parallax=&#8221;0&#8243; woodmart_gradient_switch=&#8221;no&#8221; woodmart_box_shadow=&#8221;no&#8221; wd_z_index=&#8221;no&#8221; woodmart_disable_overflow=&#8221;0&#8243; row_reverse_mobile=&#8221;0&#8243; row_reverse_tablet=&#8221;0&#8243;][vc_column css=&#8221;.vc_custom_1508143071646{padding-top: 0px !important;}&#8221;]\n\t\t<div id=\"wd-64a6c669dd7e5\" class=\"title-wrapper wd-wpb set-mb-s reset-last-child  wd-rs-64a6c669dd7e5 wd-title-color-default wd-title-style-default text-left  wd-underline-colored\">\n\t\t\t\n\t\t\t<div class=\"liner-continer\">\n\t\t\t\t<h4 class=\"woodmart-title-container title  wd-font-weight- wd-fontsize-l\" >Starke <u>Partner<\/u><\/h4>\n\t\t\t\t\t\t\t<\/div>\n\t\t\t\n\t\t\t\n\t\t\t\n\t\t<\/div>\n\t\t\n\t\t[\/vc_column][\/vc_row][vc_row][vc_column width=&#8221;1\/4&#8243;]\t\t<div id=\"wd-64fedc9e3927b\" class=\"wd-image wd-wpb wd-rs-64fedc9e3927b text-left \">\n\t\t\t\t\t\t\t<a href=\"http:\/\/www.aom.org\"  target=\"_blank\">\n\t\t\t\n\t\t\t<img width=\"196\" height=\"131\" src=\"https:\/\/www.ennsfellnerconsulting.eu\/wp-content\/uploads\/2023\/07\/aom-1.jpg\" class=\"attachment-medium\" alt=\"\" decoding=\"async\" title=\"aom\" loading=\"lazy\" srcset=\"https:\/\/www.ennsfellnerconsulting.eu\/wp-content\/uploads\/2023\/07\/aom-1.jpg 196w, https:\/\/www.ennsfellnerconsulting.eu\/wp-content\/uploads\/2023\/07\/aom-1-150x100.jpg 150w\" sizes=\"(max-width: 196px) 100vw, 196px\" \/>\n\t\t\t\t\t\t\t<\/a>\n\t\t\t\t\t<\/div>\n\t\t[vc_column_text woodmart_inline=&#8221;no&#8221; text_larger=&#8221;no&#8221;]<strong>Academy of Management<\/strong><br \/>\nProfessional Development Workshops at the Annual Meeting of the Academy of Management, Management Consulting Division, fostering the co-operation between the Academy of Management and ICMCI, the International Council of Management Consulting Institutes<br \/>\n<a href=\"http:\/\/www.aom.org\/\" target=\"_blank\" rel=\"noopener\">www.aom.org<\/a>[\/vc_column_text][\/vc_column][vc_column width=&#8221;1\/4&#8243;]\t\t<div id=\"wd-65096a2d8434b\" class=\"wd-image wd-wpb wd-rs-65096a2d8434b text-left \">\n\t\t\t\t\t\t\t<a href=\"http:\/\/www.beuth.de\"  target=\"_blank\">\n\t\t\t\n\t\t\t<img width=\"196\" height=\"131\" src=\"https:\/\/www.ennsfellnerconsulting.eu\/wp-content\/uploads\/2023\/09\/beuth.jpg\" class=\"attachment-medium\" alt=\"\" decoding=\"async\" title=\"beuth\" loading=\"lazy\" srcset=\"https:\/\/www.ennsfellnerconsulting.eu\/wp-content\/uploads\/2023\/09\/beuth.jpg 196w, https:\/\/www.ennsfellnerconsulting.eu\/wp-content\/uploads\/2023\/09\/beuth-150x100.jpg 150w\" sizes=\"(max-width: 196px) 100vw, 196px\" \/>\n\t\t\t\t\t\t\t<\/a>\n\t\t\t\t\t<\/div>\n\t\t[vc_column_text woodmart_inline=&#8221;no&#8221; text_larger=&#8221;no&#8221;]<strong>Beuth Verlag<\/strong><br \/>\nBook publication on the ISO 20700 consultancy standard<br \/>\n<a href=\"http:\/\/www.beuth.de\" target=\"_blank\" rel=\"noopener\">www.beuth.de<\/a>[\/vc_column_text][\/vc_column][vc_column width=&#8221;1\/4&#8243;]\t\t<div id=\"wd-64fedcac1d78f\" class=\"wd-image wd-wpb wd-rs-64fedcac1d78f text-left \">\n\t\t\t\t\t\t\t<a href=\"\/causal\/verlag\/\" >\n\t\t\t\n\t\t\t<img width=\"196\" height=\"131\" src=\"https:\/\/www.ennsfellnerconsulting.eu\/wp-content\/uploads\/2023\/07\/causal.jpg\" class=\"attachment-medium\" alt=\"\" decoding=\"async\" title=\"causal\" loading=\"lazy\" srcset=\"https:\/\/www.ennsfellnerconsulting.eu\/wp-content\/uploads\/2023\/07\/causal.jpg 196w, https:\/\/www.ennsfellnerconsulting.eu\/wp-content\/uploads\/2023\/07\/causal-150x100.jpg 150w\" sizes=\"(max-width: 196px) 100vw, 196px\" \/>\n\t\t\t\t\t\t\t<\/a>\n\t\t\t\t\t<\/div>\n\t\t[vc_column_text woodmart_inline=&#8221;no&#8221; text_larger=&#8221;no&#8221;]<strong>CAUSAL Edition e.U.<\/strong><br \/>\nDr. Ilse Andrea Ennsfellner publishes books on business, medicine and health that primarily contain unconventional approaches and creative perspectives &#8211; and thus enable forward thinking.<br \/>\n<a href=\"https:\/\/www.ennsfellnerconsulting.eu\/casual\/verlag\/\" target=\"_blank\" rel=\"noopener\">www.causal.eu<\/a>[\/vc_column_text][\/vc_column][vc_column width=&#8221;1\/4&#8243;]\t\t<div id=\"wd-651a6aefe1fa4\" class=\"wd-image wd-wpb wd-rs-651a6aefe1fa4 text-left \">\n\t\t\t\t\t\t\t<a href=\"https:\/\/www.consulting.de\"  target=\"_blank\">\n\t\t\t\n\t\t\t<img width=\"196\" height=\"131\" src=\"https:\/\/www.ennsfellnerconsulting.eu\/wp-content\/uploads\/2023\/09\/consulting.jpg\" class=\"attachment-medium\" alt=\"\" decoding=\"async\" title=\"consulting\" loading=\"lazy\" srcset=\"https:\/\/www.ennsfellnerconsulting.eu\/wp-content\/uploads\/2023\/09\/consulting.jpg 196w, https:\/\/www.ennsfellnerconsulting.eu\/wp-content\/uploads\/2023\/09\/consulting-150x100.jpg 150w\" sizes=\"(max-width: 196px) 100vw, 196px\" \/>\n\t\t\t\t\t\t\t<\/a>\n\t\t\t\t\t<\/div>\n\t\t[vc_column_text woodmart_inline=&#8221;no&#8221; text_larger=&#8221;no&#8221;]<strong>consulting.de<\/strong><br \/>\nPublication on the subject of standards in management consulting and ISO 20700<br \/>\n<a href=\"http:\/\/www.consulting.de\">www.consulting.de<\/a>[\/vc_column_text][\/vc_column][\/vc_row][vc_row][vc_column width=&#8221;1\/4&#8243;]\t\t<div id=\"wd-65096e52dc54f\" class=\"wd-image wd-wpb wd-rs-65096e52dc54f text-left \">\n\t\t\t\t\t\t\t<a href=\"http:\/\/www.coalitionfbo.eu\"  target=\"_blank\">\n\t\t\t\n\t\t\t<img width=\"196\" height=\"131\" src=\"https:\/\/www.ennsfellnerconsulting.eu\/wp-content\/uploads\/2023\/09\/Coalition-of-Faith.jpg\" class=\"attachment-medium\" alt=\"\" decoding=\"async\" title=\"Coalition-of-Faith\" loading=\"lazy\" srcset=\"https:\/\/www.ennsfellnerconsulting.eu\/wp-content\/uploads\/2023\/09\/Coalition-of-Faith.jpg 196w, https:\/\/www.ennsfellnerconsulting.eu\/wp-content\/uploads\/2023\/09\/Coalition-of-Faith-150x100.jpg 150w\" sizes=\"(max-width: 196px) 100vw, 196px\" \/>\n\t\t\t\t\t\t\t<\/a>\n\t\t\t\t\t<\/div>\n\t\t[vc_column_text woodmart_inline=&#8221;no&#8221; text_larger=&#8221;no&#8221;]<strong>Coalition of Faith-Based Organizations<\/strong><br \/>\nDr. Ilse Andrea Ennsfellner has been elected to the board of this organization.<br \/>\n<a href=\"https:\/\/coalitionfbo.eu\/\" target=\"_blank\" rel=\"noopener\">www.coalitionfbo.eu<\/a>[\/vc_column_text][\/vc_column][vc_column width=&#8221;1\/4&#8243;]\t\t<div id=\"wd-64fedd64c38ac\" class=\"wd-image wd-wpb wd-rs-64fedd64c38ac text-left \">\n\t\t\t\t\t\t\t<a href=\"http:\/\/www.weltfriede.at\"  target=\"_blank\">\n\t\t\t\n\t\t\t<img width=\"196\" height=\"131\" src=\"https:\/\/www.ennsfellnerconsulting.eu\/wp-content\/uploads\/2023\/07\/weltfriede.jpg\" class=\"attachment-medium\" alt=\"\" decoding=\"async\" title=\"weltfriede\" loading=\"lazy\" srcset=\"https:\/\/www.ennsfellnerconsulting.eu\/wp-content\/uploads\/2023\/07\/weltfriede.jpg 196w, https:\/\/www.ennsfellnerconsulting.eu\/wp-content\/uploads\/2023\/07\/weltfriede-150x100.jpg 150w\" sizes=\"(max-width: 196px) 100vw, 196px\" \/>\n\t\t\t\t\t\t\t<\/a>\n\t\t\t\t\t<\/div>\n\t\t[vc_column_text woodmart_inline=&#8221;no&#8221; text_larger=&#8221;no&#8221;]<strong>Europe-Africa Connect<\/strong><br \/>\nDr. Ilse Andrea Ennsfellner is a founding member of this initiative and network to promote economic, social and cultural relationships between the two continents.<br \/>\n<a href=\"http:\/\/www.weltfriede.at\/\" target=\"_blank\" rel=\"noopener\">www.weltfriede.at<\/a>[\/vc_column_text][\/vc_column][vc_column width=&#8221;1\/4&#8243;]\t\t<div id=\"wd-64a7cfd08d697\" class=\"wd-image wd-wpb wd-rs-64a7cfd08d697 text-left \">\n\t\t\t\t\t\t\t<a href=\"http:\/\/www.donau-uni.ac.at\/\"  target=\"_blank\">\n\t\t\t\n\t\t\t<img width=\"196\" height=\"131\" src=\"https:\/\/www.ennsfellnerconsulting.eu\/wp-content\/uploads\/2023\/07\/donauuni.jpg\" class=\"attachment-medium\" alt=\"\" decoding=\"async\" title=\"donauuni\" loading=\"lazy\" srcset=\"https:\/\/www.ennsfellnerconsulting.eu\/wp-content\/uploads\/2023\/07\/donauuni.jpg 196w, https:\/\/www.ennsfellnerconsulting.eu\/wp-content\/uploads\/2023\/07\/donauuni-150x100.jpg 150w\" sizes=\"(max-width: 196px) 100vw, 196px\" \/>\n\t\t\t\t\t\t\t<\/a>\n\t\t\t\t\t<\/div>\n\t\t[vc_column_text woodmart_inline=&#8221;no&#8221; text_larger=&#8221;no&#8221;]<strong>Danube University Krems <\/strong><br \/>\nLectures on quality management in the course of Medicine, Health and Social Management<br \/>\n<a href=\"http:\/\/www.donau-uni.ac.at\/\" target=\"_blank\" rel=\"noopener\">www.donau-uni.ac.at<\/a>[\/vc_column_text][\/vc_column][vc_column width=&#8221;1\/4&#8243;]\t\t<div id=\"wd-651a6af9e87b2\" class=\"wd-image wd-wpb wd-rs-651a6af9e87b2 text-left \">\n\t\t\t\t\t\t\t<a href=\"https:\/\/fh-burgenland-weiterbildung.at\/\"  target=\"_blank\">\n\t\t\t\n\t\t\t<img width=\"196\" height=\"131\" src=\"https:\/\/www.ennsfellnerconsulting.eu\/wp-content\/uploads\/2023\/07\/aim.jpg\" class=\"attachment-medium\" alt=\"\" decoding=\"async\" title=\"aim\" loading=\"lazy\" srcset=\"https:\/\/www.ennsfellnerconsulting.eu\/wp-content\/uploads\/2023\/07\/aim.jpg 196w, https:\/\/www.ennsfellnerconsulting.eu\/wp-content\/uploads\/2023\/07\/aim-150x100.jpg 150w\" sizes=\"(max-width: 196px) 100vw, 196px\" \/>\n\t\t\t\t\t\t\t<\/a>\n\t\t\t\t\t<\/div>\n\t\t[vc_column_text woodmart_inline=&#8221;no&#8221; text_larger=&#8221;no&#8221;]<strong>FH Burgenland Weiterbildung<\/strong><br \/>\nLecturer and supervision of master theses in the MBA courses Management Consultancy, IT Consultancy, Wirtschaftsmediation f\u00fcr Unternehmensberater:innen, Management Consulting and Digital Transformation.<br \/>\n<a href=\"www.fh-burgenland-weiterbildung.at\" target=\"_blank\" rel=\"noopener\">www.fh-burgenland-weiterbildung.at<\/a>[\/vc_column_text][\/vc_column][\/vc_row][vc_row][vc_column width=&#8221;1\/4&#8243;]\t\t<div id=\"wd-64a7cf9806952\" class=\"wd-image wd-wpb wd-rs-64a7cf9806952 text-left \">\n\t\t\t\t\t\t\t<a href=\"http:\/\/www.icmci.org\/\"  target=\"_blank\">\n\t\t\t\n\t\t\t<img width=\"196\" height=\"131\" src=\"https:\/\/www.ennsfellnerconsulting.eu\/wp-content\/uploads\/2023\/07\/icmci.jpg\" class=\"attachment-medium\" alt=\"\" decoding=\"async\" title=\"icmci\" loading=\"lazy\" srcset=\"https:\/\/www.ennsfellnerconsulting.eu\/wp-content\/uploads\/2023\/07\/icmci.jpg 196w, https:\/\/www.ennsfellnerconsulting.eu\/wp-content\/uploads\/2023\/07\/icmci-150x100.jpg 150w\" sizes=\"(max-width: 196px) 100vw, 196px\" \/>\n\t\t\t\t\t\t\t<\/a>\n\t\t\t\t\t<\/div>\n\t\t[vc_column_text woodmart_inline=&#8221;no&#8221; text_larger=&#8221;no&#8221;]<strong>ICMCI &#8211; The International Council Of Management Consulting Institutes<\/strong><br \/>\nSince 2004 Dr. Ilse Andrea Ennsfellner has been working on a voluntary basis in various functions and projects for the international umbrella organization for management consulting institutes. Currently, the association has 54 member institutes worldwide. The mission is to raise standards of the profession of management consultants, encourage networking across national boundaries and thus increase the acceptance of management consulting as a respected profession.<br \/>\n<a href=\"http:\/\/www.icmci.org\/\" target=\"_blank\" rel=\"noopener\">www.icmci.org<\/a>[\/vc_column_text][\/vc_column][vc_column width=&#8221;1\/4&#8243;]\t\t<div id=\"wd-64a7d0b5f1b3e\" class=\"wd-image wd-wpb wd-rs-64a7d0b5f1b3e text-left \">\n\t\t\t\t\t\t\t<a href=\"http:\/\/www.imc-krems.ac.at\/\"  target=\"_blank\">\n\t\t\t\n\t\t\t<img width=\"196\" height=\"131\" src=\"https:\/\/www.ennsfellnerconsulting.eu\/wp-content\/uploads\/2023\/07\/imc-krems.jpg\" class=\"attachment-medium\" alt=\"\" decoding=\"async\" title=\"imc-krems\" loading=\"lazy\" srcset=\"https:\/\/www.ennsfellnerconsulting.eu\/wp-content\/uploads\/2023\/07\/imc-krems.jpg 196w, https:\/\/www.ennsfellnerconsulting.eu\/wp-content\/uploads\/2023\/07\/imc-krems-150x100.jpg 150w\" sizes=\"(max-width: 196px) 100vw, 196px\" \/>\n\t\t\t\t\t\t\t<\/a>\n\t\t\t\t\t<\/div>\n\t\t[vc_column_text woodmart_inline=&#8221;no&#8221; text_larger=&#8221;no&#8221;]<strong>IMC Fachhochschule Krems<\/strong><br \/>\nLectures on project management, multi-project management, process management, total quality management in different courses of studies; member of a steering committee for the development of courses; Internal Quality Audits<br \/>\n<a href=\"http:\/\/www.imc-krems.ac.at\" target=\"_blank\" rel=\"noopener\">www.imc-krems.ac.at<\/a>[\/vc_column_text][\/vc_column][vc_column width=&#8221;1\/4&#8243;]\t\t<div id=\"wd-64a7cf4b4bd3d\" class=\"wd-image wd-wpb wd-rs-64a7cf4b4bd3d text-left \">\n\t\t\t\t\t\t\t<a href=\"http:\/\/www.fidar.de\/\"  target=\"_blank\">\n\t\t\t\n\t\t\t<img width=\"196\" height=\"131\" src=\"https:\/\/www.ennsfellnerconsulting.eu\/wp-content\/uploads\/2023\/07\/fidar.jpg\" class=\"attachment-medium\" alt=\"\" decoding=\"async\" title=\"fidar\" loading=\"lazy\" srcset=\"https:\/\/www.ennsfellnerconsulting.eu\/wp-content\/uploads\/2023\/07\/fidar.jpg 196w, https:\/\/www.ennsfellnerconsulting.eu\/wp-content\/uploads\/2023\/07\/fidar-150x100.jpg 150w\" sizes=\"(max-width: 196px) 100vw, 196px\" \/>\n\t\t\t\t\t\t\t<\/a>\n\t\t\t\t\t<\/div>\n\t\t[vc_column_text woodmart_inline=&#8221;no&#8221; text_larger=&#8221;no&#8221;]<strong>FidAR<\/strong><br \/>\nCooperation Board and Supervisory Experts<br \/>\n<a href=\"http:\/\/www.fidar.de\/\" target=\"_blank\" rel=\"noopener\">www.fidar.de<\/a>[\/vc_column_text][\/vc_column][vc_column width=&#8221;1\/4&#8243;]\t\t<div id=\"wd-64a7d1005b6d7\" class=\"wd-image wd-wpb wd-rs-64a7d1005b6d7 text-left \">\n\t\t\t\t\t\t\t<a href=\"http:\/\/www.inara.at\/\"  target=\"_blank\">\n\t\t\t\n\t\t\t<img width=\"196\" height=\"131\" src=\"https:\/\/www.ennsfellnerconsulting.eu\/wp-content\/uploads\/2023\/07\/inara.jpg\" class=\"attachment-medium\" alt=\"\" decoding=\"async\" title=\"inara\" loading=\"lazy\" srcset=\"https:\/\/www.ennsfellnerconsulting.eu\/wp-content\/uploads\/2023\/07\/inara.jpg 196w, https:\/\/www.ennsfellnerconsulting.eu\/wp-content\/uploads\/2023\/07\/inara-150x100.jpg 150w\" sizes=\"(max-width: 196px) 100vw, 196px\" \/>\n\t\t\t\t\t\t\t<\/a>\n\t\t\t\t\t<\/div>\n\t\t[vc_column_text woodmart_inline=&#8221;no&#8221; text_larger=&#8221;no&#8221;]<strong>Inara<\/strong><br \/>\nCooperation Board and Supervisory Experts<br \/>\n<a href=\"http:\/\/www.inara.at\/\" target=\"_blank\" rel=\"noopener\">www.inara.at<\/a>[\/vc_column_text][\/vc_column][\/vc_row][vc_row][vc_column width=&#8221;1\/4&#8243;]\t\t<div id=\"wd-64a7d13b635eb\" class=\"wd-image wd-wpb wd-rs-64a7d13b635eb text-left \">\n\t\t\t\t\t\t\t<a href=\"http:\/\/www.incite.at\/\"  target=\"_blank\">\n\t\t\t\n\t\t\t<img width=\"196\" height=\"131\" src=\"https:\/\/www.ennsfellnerconsulting.eu\/wp-content\/uploads\/2023\/07\/incite.jpg\" class=\"attachment-medium\" alt=\"\" decoding=\"async\" title=\"incite\" loading=\"lazy\" srcset=\"https:\/\/www.ennsfellnerconsulting.eu\/wp-content\/uploads\/2023\/07\/incite.jpg 196w, https:\/\/www.ennsfellnerconsulting.eu\/wp-content\/uploads\/2023\/07\/incite-150x100.jpg 150w\" sizes=\"(max-width: 196px) 100vw, 196px\" \/>\n\t\t\t\t\t\t\t<\/a>\n\t\t\t\t\t<\/div>\n\t\t[vc_column_text woodmart_inline=&#8221;no&#8221; text_larger=&#8221;no&#8221;]<strong>incite &#8211; Institute for management consultants and information technology experts<\/strong><br \/>\nEstablishment of the Certified Management Consultant CMC, trainings on the ISO 20700 consultancy standard, development team and scientific support for the MBA courses Management Consultancy, IT-Consultancy, Wirtschaftsmediation f\u00fcr Unternehmensberater:innen, Management Consulting and Digital Transformation<br \/>\n<a href=\"http:\/\/www.incite.at\/\" target=\"_blank\" rel=\"noopener\">www.incite.at<\/a>[\/vc_column_text][\/vc_column][vc_column width=&#8221;1\/4&#8243;]\t\t<div id=\"wd-64a7d20913435\" class=\"wd-image wd-wpb wd-rs-64a7d20913435 text-left \">\n\t\t\t\t\t\t\t<a href=\"http:\/\/www.iodonline.com\/\"  target=\"_blank\">\n\t\t\t\n\t\t\t<img width=\"196\" height=\"131\" src=\"https:\/\/www.ennsfellnerconsulting.eu\/wp-content\/uploads\/2023\/07\/iod.jpg\" class=\"attachment-medium\" alt=\"\" decoding=\"async\" title=\"iod\" loading=\"lazy\" srcset=\"https:\/\/www.ennsfellnerconsulting.eu\/wp-content\/uploads\/2023\/07\/iod.jpg 196w, https:\/\/www.ennsfellnerconsulting.eu\/wp-content\/uploads\/2023\/07\/iod-150x100.jpg 150w\" sizes=\"(max-width: 196px) 100vw, 196px\" \/>\n\t\t\t\t\t\t\t<\/a>\n\t\t\t\t\t<\/div>\n\t\t[vc_column_text woodmart_inline=&#8221;no&#8221; text_larger=&#8221;no&#8221;]<strong>Institute of Directors<\/strong><br \/>\nLectures in India and UK, e.g. total quality management, service standards, cooperation and network management, Corporate Social Responsibility, Consulting Governance<br \/>\n<a href=\"http:\/\/www.iodonline.com\/\" target=\"_blank\" rel=\"noopener\">www.iodonline.com<\/a>[\/vc_column_text][\/vc_column][vc_column width=&#8221;1\/4&#8243;]\t\t<div id=\"wd-64a7d24576e92\" class=\"wd-image wd-wpb wd-rs-64a7d24576e92 text-left \">\n\t\t\t\t\t\t\t<a href=\"http:\/\/www.ipo.jku.at\/\"  target=\"_blank\">\n\t\t\t\n\t\t\t<img width=\"196\" height=\"131\" src=\"https:\/\/www.ennsfellnerconsulting.eu\/wp-content\/uploads\/2023\/07\/ipo.jpg\" class=\"attachment-medium\" alt=\"\" decoding=\"async\" title=\"ipo\" loading=\"lazy\" srcset=\"https:\/\/www.ennsfellnerconsulting.eu\/wp-content\/uploads\/2023\/07\/ipo.jpg 196w, https:\/\/www.ennsfellnerconsulting.eu\/wp-content\/uploads\/2023\/07\/ipo-150x100.jpg 150w\" sizes=\"(max-width: 196px) 100vw, 196px\" \/>\n\t\t\t\t\t\t\t<\/a>\n\t\t\t\t\t<\/div>\n\t\t[vc_column_text woodmart_inline=&#8221;no&#8221; text_larger=&#8221;no&#8221;]<strong>Johannes Kepler University Linz, Institute for Personal and Organizational Development (IPO)<\/strong><br \/>\nLectures on quality management in the course of Social Management<br \/>\n<a href=\"http:\/\/www.ipo.jku.at\/\" target=\"_blank\" rel=\"noopener\">www.ipo.jku.at<\/a>[\/vc_column_text][\/vc_column][vc_column width=&#8221;1\/4&#8243;]\t\t<div id=\"wd-64a80a79e8714\" class=\"wd-image wd-wpb wd-rs-64a80a79e8714 text-left \">\n\t\t\t\t\t\t\t<a href=\"http:\/\/www.npo-akademie.at\/\"  target=\"_blank\">\n\t\t\t\n\t\t\t<img width=\"196\" height=\"131\" src=\"https:\/\/www.ennsfellnerconsulting.eu\/wp-content\/uploads\/2023\/07\/npo.jpg\" class=\"attachment-medium\" alt=\"\" decoding=\"async\" title=\"npo\" loading=\"lazy\" srcset=\"https:\/\/www.ennsfellnerconsulting.eu\/wp-content\/uploads\/2023\/07\/npo.jpg 196w, https:\/\/www.ennsfellnerconsulting.eu\/wp-content\/uploads\/2023\/07\/npo-150x100.jpg 150w\" sizes=\"(max-width: 196px) 100vw, 196px\" \/>\n\t\t\t\t\t\t\t<\/a>\n\t\t\t\t\t<\/div>\n\t\t[vc_column_text woodmart_inline=&#8221;no&#8221; text_larger=&#8221;no&#8221;]<strong>NPO-Academy<\/strong><br \/>\nSeminars on quality management and process management in non-profit organizations<br \/>\n<a href=\"http:\/\/www.npo-akademie.at\/\" target=\"_blank\" rel=\"noopener\">www.npo-akademie.at<\/a>[\/vc_column_text][\/vc_column][\/vc_row][vc_row][vc_column width=&#8221;1\/4&#8243;]\t\t<div id=\"wd-65096f6f1e24b\" class=\"wd-image wd-wpb wd-rs-65096f6f1e24b text-left \">\n\t\t\t\t\t\t\t<a href=\"http:\/\/www.oevo.at\"  target=\"_blank\">\n\t\t\t\n\t\t\t<img width=\"196\" height=\"131\" src=\"https:\/\/www.ennsfellnerconsulting.eu\/wp-content\/uploads\/2023\/09\/oevo.jpg\" class=\"attachment-medium\" alt=\"\" decoding=\"async\" title=\"oevo\" loading=\"lazy\" srcset=\"https:\/\/www.ennsfellnerconsulting.eu\/wp-content\/uploads\/2023\/09\/oevo.jpg 196w, https:\/\/www.ennsfellnerconsulting.eu\/wp-content\/uploads\/2023\/09\/oevo-150x100.jpg 150w\" sizes=\"(max-width: 196px) 100vw, 196px\" \/>\n\t\t\t\t\t\t\t<\/a>\n\t\t\t\t\t<\/div>\n\t\t[vc_column_text woodmart_inline=&#8221;no&#8221; text_larger=&#8221;no&#8221;]<strong>\u00d6VO &#8211; \u00d6sterreichische Vereinigung f\u00fcr Organisatoren<\/strong><br \/>\nDr. Ilse Andrea Ennsfellner is a member of the platform for managers and organizational specialists from business, administration and science, contributing to dialogue events<br \/>\n<a href=\"http:\/\/www.oevo.at\" target=\"_blank\" rel=\"noopener\">www.oevo.at<\/a>[\/vc_column_text][\/vc_column][vc_column width=&#8221;1\/4&#8243;]\t\t<div id=\"wd-64a80a9650d22\" class=\"wd-image wd-wpb wd-rs-64a80a9650d22 text-left \">\n\t\t\t\t\t\t\t<a href=\"https:\/\/pecb.com\/\"  target=\"_blank\">\n\t\t\t\n\t\t\t<img width=\"196\" height=\"131\" src=\"https:\/\/www.ennsfellnerconsulting.eu\/wp-content\/uploads\/2023\/07\/pecb.jpg\" class=\"attachment-medium\" alt=\"\" decoding=\"async\" title=\"pecb\" loading=\"lazy\" srcset=\"https:\/\/www.ennsfellnerconsulting.eu\/wp-content\/uploads\/2023\/07\/pecb.jpg 196w, https:\/\/www.ennsfellnerconsulting.eu\/wp-content\/uploads\/2023\/07\/pecb-150x100.jpg 150w\" sizes=\"(max-width: 196px) 100vw, 196px\" \/>\n\t\t\t\t\t\t\t<\/a>\n\t\t\t\t\t<\/div>\n\t\t[vc_column_text woodmart_inline=&#8221;no&#8221; text_larger=&#8221;no&#8221;]<strong>PECB<\/strong><br \/>\nMember Impartiality, Ethics and Appeals Committee 01\/2019 \u2013 02\/2022<br \/>\n<a href=\"https:\/\/pecb.com\/\" target=\"_blank\" rel=\"noopener\">www.pecb.com<\/a>[\/vc_column_text][\/vc_column][vc_column width=&#8221;1\/4&#8243;]\t\t<div id=\"wd-64a80ac034e73\" class=\"wd-image wd-wpb wd-rs-64a80ac034e73 text-left \">\n\t\t\t\t\t\t\t<a href=\"http:\/\/www.p-m-a.at\/\"  target=\"_blank\">\n\t\t\t\n\t\t\t<img width=\"196\" height=\"131\" src=\"https:\/\/www.ennsfellnerconsulting.eu\/wp-content\/uploads\/2023\/07\/pma.jpg\" class=\"attachment-medium\" alt=\"\" decoding=\"async\" title=\"pma\" loading=\"lazy\" srcset=\"https:\/\/www.ennsfellnerconsulting.eu\/wp-content\/uploads\/2023\/07\/pma.jpg 196w, https:\/\/www.ennsfellnerconsulting.eu\/wp-content\/uploads\/2023\/07\/pma-150x100.jpg 150w\" sizes=\"(max-width: 196px) 100vw, 196px\" \/>\n\t\t\t\t\t\t\t<\/a>\n\t\t\t\t\t<\/div>\n\t\t[vc_column_text woodmart_inline=&#8221;no&#8221; text_larger=&#8221;no&#8221;]<strong>PMA &#8211; Projekt Management Austria<\/strong><br \/>\nPMA is the Austrian representative of the IPMA International Project Management Association. Our consulting methods and practices are based on the IPMA standard for project management. Dr. Ilse Andrea Ennsfellner is a qualified assessor.<br \/>\n<a href=\"https:\/\/www.pma.at\/de\/\" target=\"_blank\" rel=\"noopener\">www.pma.at<\/a>[\/vc_column_text][\/vc_column][vc_column width=&#8221;1\/4&#8243;]\t\t<div id=\"wd-65096c37728e0\" class=\"wd-image wd-wpb wd-rs-65096c37728e0 text-left \">\n\t\t\t\t\t\t\t<a href=\"https:\/\/www.wko.at\/branchen\/information-consulting\/unternehmensberatung-buchhaltung-informationstechnologie\/proethik-austria.html\"  target=\"_blank\">\n\t\t\t\n\t\t\t<img width=\"196\" height=\"131\" src=\"https:\/\/www.ennsfellnerconsulting.eu\/wp-content\/uploads\/2023\/09\/proethikaustria.jpg\" class=\"attachment-medium\" alt=\"\" decoding=\"async\" title=\"proethikaustria\" loading=\"lazy\" srcset=\"https:\/\/www.ennsfellnerconsulting.eu\/wp-content\/uploads\/2023\/09\/proethikaustria.jpg 196w, https:\/\/www.ennsfellnerconsulting.eu\/wp-content\/uploads\/2023\/09\/proethikaustria-150x100.jpg 150w\" sizes=\"(max-width: 196px) 100vw, 196px\" \/>\n\t\t\t\t\t\t\t<\/a>\n\t\t\t\t\t<\/div>\n\t\t[vc_column_text woodmart_inline=&#8221;no&#8221; text_larger=&#8221;no&#8221;]<strong>proEthik AUSTRIA<\/strong><br \/>\nWith this membership and as spokeswoman, Ennsfellner Consulting is committed to adhering to the Code of Conduct and Ethics of proEthik AUSTRIA.<br \/>\n<a href=\"https:\/\/www.wko.at\/branchen\/information-consulting\/unternehmensberatung-buchhaltung-informationstechnologie\/proethik-austria.html\" target=\"_blank\" rel=\"noopener\">www.proethik-austria.at<\/a>[\/vc_column_text][\/vc_column][\/vc_row][vc_row][vc_column width=&#8221;1\/4&#8243;]\t\t<div id=\"wd-65096ff3e15b1\" class=\"wd-image wd-wpb wd-rs-65096ff3e15b1 text-left \">\n\t\t\t\t\t\t\t<a href=\"http:\/\/www.springer.com\/de\" >\n\t\t\t\n\t\t\t<img width=\"196\" height=\"131\" src=\"https:\/\/www.ennsfellnerconsulting.eu\/wp-content\/uploads\/2023\/09\/springer.jpg\" class=\"attachment-medium\" alt=\"\" decoding=\"async\" title=\"springer\" loading=\"lazy\" srcset=\"https:\/\/www.ennsfellnerconsulting.eu\/wp-content\/uploads\/2023\/09\/springer.jpg 196w, https:\/\/www.ennsfellnerconsulting.eu\/wp-content\/uploads\/2023\/09\/springer-150x100.jpg 150w\" sizes=\"(max-width: 196px) 100vw, 196px\" \/>\n\t\t\t\t\t\t\t<\/a>\n\t\t\t\t\t<\/div>\n\t\t[vc_column_text woodmart_inline=&#8221;no&#8221; text_larger=&#8221;no&#8221;]<strong>Springer Publishing<\/strong><br \/>\nBook publications on the topics of excellence in management consulting and business mediation<br \/>\n<a href=\"http:\/\/www.springer.com\/de\" target=\"_blank\" rel=\"noopener\">www.springer.com<\/a>[\/vc_column_text][\/vc_column][vc_column width=&#8221;1\/4&#8243;]\t\t<div id=\"wd-64a80c8780250\" class=\"wd-image wd-wpb wd-rs-64a80c8780250 text-left \">\n\t\t\t\t\t\t\t<a href=\"http:\/\/www.fh-ooe.at\/campus-steyr\"  target=\"_blank\">\n\t\t\t\n\t\t\t<img width=\"196\" height=\"131\" src=\"https:\/\/www.ennsfellnerconsulting.eu\/wp-content\/uploads\/2023\/07\/fh-ooe.jpg\" class=\"attachment-medium\" alt=\"\" decoding=\"async\" title=\"fh-ooe\" loading=\"lazy\" srcset=\"https:\/\/www.ennsfellnerconsulting.eu\/wp-content\/uploads\/2023\/07\/fh-ooe.jpg 196w, https:\/\/www.ennsfellnerconsulting.eu\/wp-content\/uploads\/2023\/07\/fh-ooe-150x100.jpg 150w\" sizes=\"(max-width: 196px) 100vw, 196px\" \/>\n\t\t\t\t\t\t\t<\/a>\n\t\t\t\t\t<\/div>\n\t\t[vc_column_text woodmart_inline=&#8221;no&#8221; text_larger=&#8221;no&#8221;]<strong>Upper Austria University of Applied Sciences Steyr<\/strong><br \/>\nLectures on methodological competence in the course of Digital Business Management<br \/>\n<a href=\"http:\/\/www.fh-ooe.at\/campus-steyr\" target=\"_blank\" rel=\"noopener\">www.fh-ooe.at\/campus-steyr<\/a>[\/vc_column_text][\/vc_column][vc_column width=&#8221;1\/4&#8243;]\t\t<div id=\"wd-64a80d2e39987\" class=\"wd-image wd-wpb wd-rs-64a80d2e39987 text-left \">\n\t\t\t\t\t\t\t<a href=\"http:\/\/www.wko.at\/\"  target=\"_blank\">\n\t\t\t\n\t\t\t<img width=\"196\" height=\"131\" src=\"https:\/\/www.ennsfellnerconsulting.eu\/wp-content\/uploads\/2023\/07\/wko.jpg\" class=\"attachment-medium\" alt=\"\" decoding=\"async\" title=\"wko\" loading=\"lazy\" srcset=\"https:\/\/www.ennsfellnerconsulting.eu\/wp-content\/uploads\/2023\/07\/wko.jpg 196w, https:\/\/www.ennsfellnerconsulting.eu\/wp-content\/uploads\/2023\/07\/wko-150x100.jpg 150w\" sizes=\"(max-width: 196px) 100vw, 196px\" \/>\n\t\t\t\t\t\t\t<\/a>\n\t\t\t\t\t<\/div>\n\t\t[vc_column_text woodmart_inline=&#8221;no&#8221; text_larger=&#8221;no&#8221;]<strong>Austrian Federal Economic Chambe<\/strong><br \/>\nMembership and engagements in national and international associations<br \/>\n<a href=\"http:\/\/www.wko.at\/\" target=\"_blank\" rel=\"noopener\">www.wko.at<\/a>[\/vc_column_text][\/vc_column][vc_column width=&#8221;1\/4&#8243;]\t\t<div id=\"wd-64a80db4ebcf5\" class=\"wd-image wd-wpb wd-rs-64a80db4ebcf5 text-left \">\n\t\t\t\t\t\t\t<a href=\"http:\/\/www.wu-wien.ac.at\/\"  target=\"_blank\">\n\t\t\t\n\t\t\t<img width=\"196\" height=\"131\" src=\"https:\/\/www.ennsfellnerconsulting.eu\/wp-content\/uploads\/2023\/07\/wu-wien.jpg\" class=\"attachment-medium\" alt=\"\" decoding=\"async\" title=\"wu-wien\" loading=\"lazy\" srcset=\"https:\/\/www.ennsfellnerconsulting.eu\/wp-content\/uploads\/2023\/07\/wu-wien.jpg 196w, https:\/\/www.ennsfellnerconsulting.eu\/wp-content\/uploads\/2023\/07\/wu-wien-150x100.jpg 150w\" sizes=\"(max-width: 196px) 100vw, 196px\" \/>\n\t\t\t\t\t\t\t<\/a>\n\t\t\t\t\t<\/div>\n\t\t[vc_column_text woodmart_inline=&#8221;no&#8221; text_larger=&#8221;no&#8221;]<strong>Vienna University of Economics and Business Administration<\/strong><br \/>\nLectures on process management in the course of Insurance Management<br \/>\n<a href=\"http:\/\/www.wu-wien.ac.at\/\" target=\"_blank\" rel=\"noopener\">www.wu-wien.ac.at<\/a>[\/vc_column_text][\/vc_column][\/vc_row][vc_row][vc_column width=&#8221;1\/4&#8243;]\t\t<div id=\"wd-64a80de2955c3\" class=\"wd-image wd-wpb wd-rs-64a80de2955c3 text-left \">\n\t\t\t\t\t\t\t<a href=\"http:\/\/www.igopp.org\/\"  target=\"_blank\">\n\t\t\t\n\t\t\t<img width=\"196\" height=\"131\" src=\"https:\/\/www.ennsfellnerconsulting.eu\/wp-content\/uploads\/2023\/07\/igoop.jpg\" class=\"attachment-medium\" alt=\"\" decoding=\"async\" title=\"igoop\" loading=\"lazy\" srcset=\"https:\/\/www.ennsfellnerconsulting.eu\/wp-content\/uploads\/2023\/07\/igoop.jpg 196w, https:\/\/www.ennsfellnerconsulting.eu\/wp-content\/uploads\/2023\/07\/igoop-150x100.jpg 150w\" sizes=\"(max-width: 196px) 100vw, 196px\" \/>\n\t\t\t\t\t\t\t<\/a>\n\t\t\t\t\t<\/div>\n\t\t[vc_column_text woodmart_inline=&#8221;no&#8221; text_larger=&#8221;no&#8221;]<strong>World Council for Corporate Governance<\/strong><br \/>\nLectures in India and UK, e.g. total quality management, service standards, cooperation and network management, Corporate Social Responsibility, Consulting Governance<br \/>\n<a href=\"http:\/\/www.igopp.org\/\" target=\"_blank\" rel=\"noopener\">www.igopp.org<\/a>[\/vc_column_text][\/vc_column][vc_column width=&#8221;1\/4&#8243;]\t\t<div id=\"wd-64a80e2406552\" class=\"wd-image wd-wpb wd-rs-64a80e2406552 text-left \">\n\t\t\t\n\t\t\t<img width=\"196\" height=\"131\" src=\"https:\/\/www.ennsfellnerconsulting.eu\/wp-content\/uploads\/2023\/07\/hans-erich-riedl.jpg\" class=\"attachment-medium\" alt=\"\" decoding=\"async\" title=\"hans-erich-riedl\" loading=\"lazy\" srcset=\"https:\/\/www.ennsfellnerconsulting.eu\/wp-content\/uploads\/2023\/07\/hans-erich-riedl.jpg 196w, https:\/\/www.ennsfellnerconsulting.eu\/wp-content\/uploads\/2023\/07\/hans-erich-riedl-150x100.jpg 150w\" sizes=\"(max-width: 196px) 100vw, 196px\" \/>\n\t\t\t\t\t<\/div>\n\t\t[vc_column_text woodmart_inline=&#8221;no&#8221; text_larger=&#8221;no&#8221;]<strong>Hans Erich Riedl<\/strong><br \/>\nWith Ennsfeller Consulting responsible for <strong>graphic design, Production of books<\/strong> and <strong>various materials<\/strong> for the business activities.[\/vc_column_text][\/vc_column][vc_column width=&#8221;1\/4&#8243;][\/vc_column][vc_column width=&#8221;1\/4&#8243;][\/vc_column][\/vc_row]<\/p>\n<\/section>","protected":false},"excerpt":{"rendered":"<p>[vc_row disable_element=&#8221;yes&#8221; css=&#8221;.vc_custom_1689063351834{margin-bottom: 50px !important;}&#8221; woodmart_css_id=&#8221;64ad0fb149584&#8243; responsive_spacing=&#8221;eyJwYXJhbV90eXBlIjoid29vZG1hcnRfcmVzcG9uc2l2ZV9zcGFjaW5nIiwic2VsZWN0b3JfaWQiOiI2NGFkMGZiMTQ5NTg0Iiwic2hvcnRjb2RlIjoidmNfcm93IiwiZGF0YSI6eyJ0YWJsZXQiOnsibWFyZ2luLWJvdHRvbSI6IjQwcHgifSwibW9iaWxlIjp7Im1hcmdpbi1ib3R0b20iOiIyMHB4In19fQ==&#8221; mobile_bg_img_hidden=&#8221;no&#8221; tablet_bg_img_hidden=&#8221;no&#8221; woodmart_parallax=&#8221;0&#8243; woodmart_gradient_switch=&#8221;no&#8221; woodmart_box_shadow=&#8221;no&#8221; wd_z_index=&#8221;no&#8221; woodmart_disable_overflow=&#8221;0&#8243; row_reverse_mobile=&#8221;0&#8243; row_reverse_tablet=&#8221;0&#8243;][vc_column css=&#8221;.vc_custom_1508143071646{padding-top: 0px !important;}&#8221;][\/vc_column][\/vc_row][vc_row][vc_column width=&#8221;1\/4&#8243;][vc_column_text<\/p>\n","protected":false},"author":1,"featured_media":0,"parent":9555,"menu_order":0,"comment_status":"closed","ping_status":"closed","template":"","meta":{"footnotes":""},"_links":{"self":[{"href":"https:\/\/www.ennsfellnerconsulting.eu\/en\/wp-json\/wp\/v2\/pages\/9636"}],"collection":[{"href":"https:\/\/www.ennsfellnerconsulting.eu\/en\/wp-json\/wp\/v2\/pages"}],"about":[{"href":"https:\/\/www.ennsfellnerconsulting.eu\/en\/wp-json\/wp\/v2\/types\/page"}],"author":[{"embeddable":true,"href":"https:\/\/www.ennsfellnerconsulting.eu\/en\/wp-json\/wp\/v2\/users\/1"}],"replies":[{"embeddable":true,"href":"https:\/\/www.ennsfellnerconsulting.eu\/en\/wp-json\/wp\/v2\/comments?post=9636"}],"version-history":[{"count":67,"href":"https:\/\/www.ennsfellnerconsulting.eu\/en\/wp-json\/wp\/v2\/pages\/9636\/revisions"}],"predecessor-version":[{"id":11717,"href":"https:\/\/www.ennsfellnerconsulting.eu\/en\/wp-json\/wp\/v2\/pages\/9636\/revisions\/11717"}],"up":[{"embeddable":true,"href":"https:\/\/www.ennsfellnerconsulting.eu\/en\/wp-json\/wp\/v2\/pages\/9555"}],"wp:attachment":[{"href":"https:\/\/www.ennsfellnerconsulting.eu\/en\/wp-json\/wp\/v2\/media?parent=9636"}],"curies":[{"name":"wp","href":"https:\/\/api.w.org\/{rel}","templated":true}]}}